{"id":80,"date":"2020-11-11T10:01:43","date_gmt":"2020-11-11T10:01:43","guid":{"rendered":"http:\/\/gruene-neuhofen.de\/?page_id=80"},"modified":"2025-09-03T12:02:11","modified_gmt":"2025-09-03T10:02:11","slug":"impressum","status":"publish","type":"page","link":"https:\/\/gruene-neuhofen.de\/?page_id=80","title":{"rendered":"Impressum &#038; Netiquette"},"content":{"rendered":"\n<h2 class=\"wp-block-heading\"><strong>Verantwortlich gem\u00e4\u00df \u00a7 5 Digitale-Dienste-Gesetz (DDG):<\/strong><\/h2>\n\n\n\n<p>c\/o B\u00dcNDNIS 90\/DIE GR\u00dcNEN Rheinland-Pfalz<br>Frauenlobstra\u00dfe 59-61<br>55118 Mainz<\/p>\n\n\n\n<p><a href=\"#\" data-unscramble=\"ed.plr-eneurg@nefohuen-vo\">ov-neuhofen@gruene-rlp.de<\/a><\/p>\n\n\n\n<h2 class=\"wp-block-heading\"><strong>Inhaltlicher Verantwortlicher gem\u00e4\u00df \u00a7 18 Abs. 2 MStV:<\/strong><\/h2>\n\n\n\n<p>siehe oben<\/p>\n\n\n\n<h2 class=\"wp-block-heading\"><strong>Netiquette f\u00fcr Veranstaltungen, \u00f6ffentliche Treffen und Internet-Auftritte<\/strong><\/h2>\n\n\n\n<p>Wir sind an einer fairen und sachorientierten Debatte im Rahmen des demokratischen Diskurses interessiert. Es wird ausdr\u00fccklich begr\u00fc\u00dft, beitragsbezogen Stellung zu nehmen und seine Meinung kund zu tun.<\/p>\n\n\n\n<p>Beleidigungen, Diffamierungen, Verleumdungen und Drohungen sind nicht erw\u00fcnscht. Ebenso Aussagen mit fremdenfeindlicher, rassistischer, sexistischer und hasserf\u00fcllter Sprache. Des weiteren werden Aussagen, die Gewalt dulden, bef\u00fcrworten oder w\u00fcnschen nicht geduldet ebenso wie Kommentare von nicht-realen NutzerInnen-Profile\/Fake-Profile bei unseren Internet-Auftritten.&nbsp;Zudem sind unsere Internet-Auftritte kein Platz f\u00fcr Werbung und kommerzieller Nutzung.<\/p>\n\n\n\n<p>Bei Versto\u00df gegen die Netiquette bei Veranstaltungen werden wir als Veranstalter das Hausrecht anwenden und Verst\u00f6\u00dfe ausschlie\u00dfen. Bei Verst\u00f6\u00dfe gegen die Netiquette bei unsere Internet-Auftritten werden wir diese ausnahmslos l\u00f6schen und blockieren.<\/p>\n\n\n\n<h2 class=\"wp-block-heading\"><strong>Impressum<\/strong><\/h2>\n\n\n\n<p><strong>Quellenangaben f\u00fcr die verwendeten Bilder und Grafiken:<\/strong><\/p>\n\n\n\n<p>WordPress, eigene Bilder, wenn nicht anders gekennzeichnet<\/p>\n\n\n\n<p>Quelle:&nbsp;<em><a href=\"http:\/\/www.e-recht24.de\/nofollow\">eRecht24<\/a>, Rechtsanwalt f\u00fcr Internetrecht S\u00f6ren Siebert<\/em><\/p>\n\n\n\n<h2 class=\"wp-block-heading\"><strong>Haftungsausschluss:<\/strong><\/h2>\n\n\n\n<p><strong>Haftung f\u00fcr Inhalte<\/strong><\/p>\n\n\n\n<p>Die Inhalte unserer Seiten wurden mit gr\u00f6\u00dfter Sorgfalt erstellt. F\u00fcr die Richtigkeit, Vollst\u00e4ndigkeit und Aktualit\u00e4t der Inhalte k\u00f6nnen wir jedoch keine Gew\u00e4hr \u00fcbernehmen. Als Diensteanbieter sind wir gem\u00e4\u00df \u00a7 7 Abs.1 TMG f\u00fcr eigene Inhalte auf diesen Seiten nach den allgemeinen Gesetzen verantwortlich. Nach \u00a7\u00a7 8 bis 10 TMG sind wir als Diensteanbieter jedoch nicht verpflichtet, \u00fcbermittelte oder gespeicherte fremde Informationen zu \u00fcberwachen oder nach Umst\u00e4nden zu forschen, die auf eine rechtswidrige T\u00e4tigkeit hinweisen. Verpflichtungen zur Entfernung oder Sperrung der Nutzung von Informationen nach den allgemeinen Gesetzen bleiben hiervon unber\u00fchrt. Eine diesbez\u00fcgliche Haftung ist jedoch erst ab dem Zeitpunkt der Kenntnis einer konkreten Rechtsverletzung m\u00f6glich. Bei Bekanntwerden von entsprechenden Rechtsverletzungen werden wir diese Inhalte umgehend entfernen.<\/p>\n\n\n\n<h3 class=\"wp-block-heading\"><strong>Haftung f\u00fcr Links<\/strong><\/h3>\n\n\n\n<p>Unser Angebot enth\u00e4lt Links zu externen Webseiten Dritter, auf deren Inhalte wir keinen Einfluss haben. Deshalb k\u00f6nnen wir f\u00fcr diese fremden Inhalte auch keine Gew\u00e4hr \u00fcbernehmen. F\u00fcr die Inhalte der verlinkten Seiten ist stets der jeweilige Anbieter oder Betreiber der Seiten verantwortlich. Die verlinkten Seiten wurden zum Zeitpunkt der Verlinkung auf m\u00f6gliche Rechtsverst\u00f6\u00dfe \u00fcberpr\u00fcft. Rechtswidrige Inhalte waren zum Zeitpunkt der Verlinkung nicht erkennbar. Eine permanente inhaltliche Kontrolle der verlinkten Seiten ist jedoch ohne konkrete Anhaltspunkte einer Rechtsverletzung nicht zumutbar. Bei Bekanntwerden von Rechtsverletzungen werden wir derartige Links umgehend entfernen.<\/p>\n\n\n\n<h3 class=\"wp-block-heading\"><strong>Urheberrecht<\/strong><\/h3>\n\n\n\n<p>Die durch die Seitenbetreiber erstellten Inhalte und Werke auf diesen Seiten unterliegen dem deutschen Urheberrecht. Die Vervielf\u00e4ltigung, Bearbeitung, Verbreitung und jede Art der Verwertung au\u00dferhalb der Grenzen des Urheberrechtes bed\u00fcrfen der schriftlichen Zustimmung des jeweiligen Autors bzw. Erstellers. Downloads und Kopien dieser Seite sind nur f\u00fcr den privaten, nicht kommerziellen Gebrauch gestattet. Soweit die Inhalte auf dieser Seite nicht vom Betreiber erstellt wurden, werden die Urheberrechte Dritter beachtet. Insbesondere werden Inhalte Dritter als solche gekennzeichnet. Sollten Sie trotzdem auf eine Urheberrechtsverletzung aufmerksam werden, bitten wir um einen entsprechenden Hinweis. Bei Bekanntwerden von Rechtsverletzungen werden wir derartige Inhalte umgehend entfernen.<\/p>\n\n\n\n<h2 class=\"wp-block-heading\"><\/h2>\n","protected":false},"excerpt":{"rendered":"<p>Verantwortlich gem\u00e4\u00df \u00a7 5 Digitale-Dienste-Gesetz (DDG): c\/o B\u00dcNDNIS 90\/DIE GR\u00dcNEN Rheinland-PfalzFrauenlobstra\u00dfe 59-6155118 Mainz ov-neuhofen@gruene-rlp.de Inhaltlicher Verantwortlicher gem\u00e4\u00df \u00a7 18 Abs. 2 MStV: siehe oben Netiquette f\u00fcr Veranstaltungen, \u00f6ffentliche Treffen und\u2026<\/p>\n","protected":false},"author":2,"featured_media":0,"parent":0,"menu_order":0,"comment_status":"closed","ping_status":"closed","template":"","meta":{"footnotes":""},"_links":{"self":[{"href":"https:\/\/gruene-neuhofen.de\/index.php?rest_route=\/wp\/v2\/pages\/80"}],"collection":[{"href":"https:\/\/gruene-neuhofen.de\/index.php?rest_route=\/wp\/v2\/pages"}],"about":[{"href":"https:\/\/gruene-neuhofen.de\/index.php?rest_route=\/wp\/v2\/types\/page"}],"author":[{"embeddable":true,"href":"https:\/\/gruene-neuhofen.de\/index.php?rest_route=\/wp\/v2\/users\/2"}],"replies":[{"embeddable":true,"href":"https:\/\/gruene-neuhofen.de\/index.php?rest_route=%2Fwp%2Fv2%2Fcomments&post=80"}],"version-history":[{"count":9,"href":"https:\/\/gruene-neuhofen.de\/index.php?rest_route=\/wp\/v2\/pages\/80\/revisions"}],"predecessor-version":[{"id":1917,"href":"https:\/\/gruene-neuhofen.de\/index.php?rest_route=\/wp\/v2\/pages\/80\/revisions\/1917"}],"wp:attachment":[{"href":"https:\/\/gruene-neuhofen.de\/index.php?rest_route=%2Fwp%2Fv2%2Fmedia&parent=80"}],"curies":[{"name":"wp","href":"https:\/\/api.w.org\/{rel}","templated":true}]}}