{"id":1875,"date":"2025-08-31T20:21:57","date_gmt":"2025-08-31T18:21:57","guid":{"rendered":"https:\/\/gruene-neuhofen.de\/?page_id=1875"},"modified":"2025-09-19T10:34:07","modified_gmt":"2025-09-19T08:34:07","slug":"umfrage-zur-verkehrssicherheit","status":"publish","type":"page","link":"https:\/\/gruene-neuhofen.de\/?page_id=1875","title":{"rendered":"Umfrage zur Verkehrssicherheit"},"content":{"rendered":"\n<iframe loading=\"lazy\" width=\"100%\" height=\"500px\" frameborder=\"0\" allowfullscreen allow=\"geolocation\" src=\"\/\/umap.openstreetmap.de\/de\/map\/verkehrsumfrage-grune-neuhofen_107352?scaleControl=true&#038;miniMap=false&#038;scrollWheelZoom=true&#038;zoomControl=true&#038;editMode=disabled&#038;moreControl=true&#038;searchControl=null&#038;tilelayersControl=null&#038;embedControl=null&#038;datalayersControl=true&#038;onLoadPanel=none&#038;captionBar=false&#038;captionMenus=true&#038;datalayers=189fdab2-5e56-44ee-9afc-75deb928a634&#038;feature=#15\/49.4238\/8.4200\"><\/iframe><p><a href=\"\/\/umap.openstreetmap.de\/de\/map\/verkehrsumfrage-grune-neuhofen_107352?scaleControl=true&#038;miniMap=false&#038;scrollWheelZoom=true&#038;zoomControl=true&#038;editMode=disabled&#038;moreControl=true&#038;searchControl=null&#038;tilelayersControl=null&#038;embedControl=null&#038;datalayersControl=true&#038;onLoadPanel=none&#038;captionBar=false&#038;captionMenus=true&#038;datalayers=189fdab2-5e56-44ee-9afc-75deb928a634&#038;feature=#15\/49.4238\/8.4200\">Vollbildanzeige<\/a><\/p>\n\n\n <div class=\"wp-block-group has-background latest-posts \">\n                        <div class=\"wp-block-group__inner-container\">\n                            \n                        <div class=\"row\"><div class=\"col-12 col-md-6\">\n<article id=\"post-1844\" class=\"bg-white mb-4 has-shadow post-1844 post type-post status-publish format-standard has-post-thumbnail hentry category-aktuelles category-umfrage-verkehrssicherheit tag-mobilitaetswende tag-neuhofen\">\n\t<div class=\"\">\n\t\t\t\t\t<div class=\"\">\n\t\t\t\t<a href=\"https:\/\/gruene-neuhofen.de\/?p=1844\" aria-label=\"Post Thumbnail\" rel=\"bookmark\">\n\t\t\t\t\t\t\t\t<img loading=\"lazy\" decoding=\"async\" width=\"640\" height=\"640\" src=\"https:\/\/gruene-neuhofen.de\/wp-content\/uploads\/2025\/07\/Copilot_20250713_232800-768x768.png\" class=\"post-thumbnail wp-post-image\" alt=\"Umfrage der GR\u00dcNEN zur Verkehrssicherheit\" srcset=\"https:\/\/gruene-neuhofen.de\/wp-content\/uploads\/2025\/07\/Copilot_20250713_232800-768x768.png 768w, https:\/\/gruene-neuhofen.de\/wp-content\/uploads\/2025\/07\/Copilot_20250713_232800-400x400.png 400w, https:\/\/gruene-neuhofen.de\/wp-content\/uploads\/2025\/07\/Copilot_20250713_232800-800x800.png 800w, https:\/\/gruene-neuhofen.de\/wp-content\/uploads\/2025\/07\/Copilot_20250713_232800-150x150.png 150w, https:\/\/gruene-neuhofen.de\/wp-content\/uploads\/2025\/07\/Copilot_20250713_232800.png 1024w\" sizes=\"(max-width: 640px) 100vw, 640px\" \/>\n\n\t\t\t\t\t\t\t<\/a>\n\t\t\t<\/div>\n\t\t\t\t<div class=\"p-45\">\n\t\t\t<header class=\"entry-header mb-2\">\n\t\t\t\t\t\t\t\t<h2 class=\"card-title h4 mb-3\"><a href=\"https:\/\/gruene-neuhofen.de\/?p=1844\" rel=\"bookmark\">Umfrage der GR\u00dcNEN zur Verkehrssicherheit<\/a><\/h2>\t\t\t\t\t<div class=\"entry-meta mb-3\">\n\t\t\t\t\t\t<span class=\"posted-on\"><time class=\"entry-date published\" datetime=\"2025-07-14T19:09:01+02:00\">14. Juli 2025<\/time><time class=\"updated\" datetime=\"2025-08-31T20:19:38+02:00\">31. August 2025<\/time><\/span>\t\t\t\t\t<\/div><!-- .entry-meta -->\n\t\t\t\t\t\t\t<\/header><!-- .entry-header -->      \n\n\t\t\t<div class=\"entry-content\">\n\t\t\t\t<a href=\"https:\/\/gruene-neuhofen.de\/?p=1844\" rel=\"bookmark\">\n\t\t\t\t<p>Nachdem die ersten Ergebnisse vorliegen, werden wir GR\u00dcNE uns in den n\u00e4chsten Monaten intensiv damit besch\u00e4ftigen  und nach und nach einzelne Gefahrenstellen oder \u00c4rgernisse genauer unter die Lupe nehmen.\u2026<\/p>\n\t\t\t\t<\/a>\n\t\t\t<\/div><!-- .entry-content -->\n\n\t\t\t<footer class=\"entry-footer\">\n\t\t\t\t\t\t\t<div class=\"d-flex mt-2 mb-2\">\n\t\t\t\t\t\t\t\t<div>\n\t\t<span class=\"cat-links small\"><a href=\"https:\/\/gruene-neuhofen.de\/?cat=4\" rel=\"category\">Aktuelles<\/a>, <a href=\"https:\/\/gruene-neuhofen.de\/?cat=103\" rel=\"category\">Umfrage Verkehrssicherheit<\/a><\/span><br><span class=\"tags-links small\"><a href=\"https:\/\/gruene-neuhofen.de\/?tag=mobilitaetswende\" rel=\"tag\">Mobilit\u00e4tswende<\/a>, <a href=\"https:\/\/gruene-neuhofen.de\/?tag=neuhofen\" rel=\"tag\">Neuhofen<\/a><\/span>\t\t\t\t<\/div>\n\t\t\t<\/div>\n\t\t<div>\n\n\t\t\n\t\t\t\t<div class=\"d-flex flex-row-reverse\">\n\t\t\t\t\t<a href=\"https:\/\/gruene-neuhofen.de\/?p=1844\" rel=\"bookmark\" class=\"continue-reading\">\n\t\t\t\t\tweiterlesen\t\t\t\t<\/a>\n\t\t\t\t<\/div>\n\t\t\t<\/footer><!-- .entry-footer -->\n\t\t<\/div>\n\t<\/div>\n<\/article><!-- #post-1844 -->\n\n                    <a class=\"text-white no-link d-block d-md-none bg-primary has-green-550-hover-background-color border-radius\" href=\"https:\/\/gruene-neuhofen.de\/?cat=103\" rel=\"\">\n                        <div class=\"p-45 row \">\n                        <span class=\"continue-reading text-white text-center pt-0\">Zum Blog-Archiv<\/span>\n                        <\/div>\n                    <\/a>\n                <\/div><div class=\"d-none d-md-block col-md-6\">\n            <a class=\"text-white no-link d-block bg-primary has-green-550-hover-background-color border-radius\" href=\"https:\/\/gruene-neuhofen.de\/?cat=103\" rel=\"\">\n                <div class=\"p-45 row \">\n                <span class=\"continue-reading text-white text-center pt-0\">Zum Blog-Archiv<\/span>\n                <\/div>\n            <\/a>\n        <\/div><\/div><\/div><\/div>\n\n\n<p><\/p>\n","protected":false},"excerpt":{"rendered":"<p>Vollbildanzeige<\/p>\n","protected":false},"author":3,"featured_media":0,"parent":33,"menu_order":0,"comment_status":"closed","ping_status":"closed","template":"","meta":{"footnotes":""},"_links":{"self":[{"href":"https:\/\/gruene-neuhofen.de\/index.php?rest_route=\/wp\/v2\/pages\/1875"}],"collection":[{"href":"https:\/\/gruene-neuhofen.de\/index.php?rest_route=\/wp\/v2\/pages"}],"about":[{"href":"https:\/\/gruene-neuhofen.de\/index.php?rest_route=\/wp\/v2\/types\/page"}],"author":[{"embeddable":true,"href":"https:\/\/gruene-neuhofen.de\/index.php?rest_route=\/wp\/v2\/users\/3"}],"replies":[{"embeddable":true,"href":"https:\/\/gruene-neuhofen.de\/index.php?rest_route=%2Fwp%2Fv2%2Fcomments&post=1875"}],"version-history":[{"count":9,"href":"https:\/\/gruene-neuhofen.de\/index.php?rest_route=\/wp\/v2\/pages\/1875\/revisions"}],"predecessor-version":[{"id":1934,"href":"https:\/\/gruene-neuhofen.de\/index.php?rest_route=\/wp\/v2\/pages\/1875\/revisions\/1934"}],"up":[{"embeddable":true,"href":"https:\/\/gruene-neuhofen.de\/index.php?rest_route=\/wp\/v2\/pages\/33"}],"wp:attachment":[{"href":"https:\/\/gruene-neuhofen.de\/index.php?rest_route=%2Fwp%2Fv2%2Fmedia&parent=1875"}],"curies":[{"name":"wp","href":"https:\/\/api.w.org\/{rel}","templated":true}]}}